{"id":894,"date":"2026-02-06T11:09:24","date_gmt":"2026-02-06T08:09:24","guid":{"rendered":"https:\/\/www.ideadentalclinic.com\/doktor\/dt-ali-can-yeni\/"},"modified":"2026-04-20T16:26:54","modified_gmt":"2026-04-20T13:26:54","slug":"dt-ali-can-yeni","status":"publish","type":"doktor","link":"https:\/\/www.ideadentalclinic.com\/fr\/m\u00e9decin\/dt-ali-can-yeni\/","title":{"rendered":"Dt. Ali Can Yeni"},"content":{"rendered":"<p>Il est n\u00e9 en 1990 \u00e0 Istanbul. Il a termin\u00e9 ses \u00e9tudes secondaires au Lyc\u00e9e Anatolien Sak\u0131p Sabanc\u0131 d\u2019Istanbul. En 2013, il a \u00e9t\u00e9 dipl\u00f4m\u00e9 de la Facult\u00e9 de Chirurgie Dentaire de l\u2019Universit\u00e9 d\u2019Istanbul \u00c7apa. En 2015, il a \u00e9t\u00e9 admis au programme de doctorat du d\u00e9partement de traitement proth\u00e9tique dentaire de l\u2019universit\u00e9 o\u00f9 il a obtenu son dipl\u00f4me. Il poursuit ses travaux dans deux lieux diff\u00e9rents : \u00e0 l\u2019universit\u00e9 et dans une clinique priv\u00e9e. Il est membre de l\u2019Union des Dentistes Turcs, de la Chambre des Dentistes d\u2019Istanbul, de l\u2019Association Turque de Prosthodontie et d\u2019Implantologie, de l\u2019Acad\u00e9mie de Proth\u00e8se et de l\u2019Association de Gnatologie. Ses domaines d\u2019int\u00e9r\u00eat incluent la dentisterie esth\u00e9tique, le botox et le traitement de l\u2019articulation temporo-mandibulaire.<\/p>\n","protected":false},"excerpt":{"rendered":"<p>Il est n\u00e9 en 1990 \u00e0 Istanbul. Il a termin\u00e9 ses \u00e9tudes secondaires au Lyc\u00e9e Anatolien Sak\u0131p Sabanc\u0131 d\u2019Istanbul. En 2013, il a \u00e9t\u00e9 dipl\u00f4m\u00e9 de la Facult\u00e9 de Chirurgie Dentaire de l\u2019Universit\u00e9 d\u2019Istanbul \u00c7apa. En 2015, il a \u00e9t\u00e9 admis au programme de doctorat du d\u00e9partement de traitement proth\u00e9tique dentaire de l\u2019universit\u00e9 o\u00f9 il [&hellip;]<\/p>\n","protected":false},"featured_media":2055,"template":"","class_list":["post-894","doktor","type-doktor","status-publish","has-post-thumbnail","hentry"],"_links":{"self":[{"href":"https:\/\/www.ideadentalclinic.com\/fr\/wp-json\/wp\/v2\/doktor\/894","targetHints":{"allow":["GET"]}}],"collection":[{"href":"https:\/\/www.ideadentalclinic.com\/fr\/wp-json\/wp\/v2\/doktor"}],"about":[{"href":"https:\/\/www.ideadentalclinic.com\/fr\/wp-json\/wp\/v2\/types\/doktor"}],"wp:featuredmedia":[{"embeddable":true,"href":"https:\/\/www.ideadentalclinic.com\/fr\/wp-json\/wp\/v2\/media\/2055"}],"wp:attachment":[{"href":"https:\/\/www.ideadentalclinic.com\/fr\/wp-json\/wp\/v2\/media?parent=894"}],"curies":[{"name":"wp","href":"https:\/\/api.w.org\/{rel}","templated":true}]}}